{"id":1800,"date":"2016-05-06T06:51:12","date_gmt":"2016-05-06T05:51:12","guid":{"rendered":"http:\/\/test.urbancleaner.es\/?page_id=1800"},"modified":"2022-03-16T18:57:22","modified_gmt":"2022-03-16T17:57:22","slug":"inicio-2","status":"publish","type":"page","link":"https:\/\/www.urbancleaner.es\/pt\/","title":{"rendered":"In\u00edcio"},"content":{"rendered":"<p>[vc_row animation=&#8221;fadeIn&#8221; margin_top=&#8221;-5&#8243; margin_bottom=&#8221;50&#8243; row_type=&#8221;row&#8221; use_row_as_full_screen_section=&#8221;no&#8221; anchor=&#8221;home&#8221; text_align=&#8221;left&#8221; box_shadow_on_row=&#8221;no&#8221; oblique_section=&#8221;no&#8221; oblique_section_top_and_bottom=&#8221;both&#8221; oblique_section_position=&#8221;from_left_to_right&#8221; triangle_shape=&#8221;no&#8221; triangle_shape_position=&#8221;both&#8221;][vc_column][vc_row_inner][vc_column_inner width=&#8221;1\/3&#8243;]<div class=\"aio-icon-component   icono-servicio style_2\"><a class=\"aio-icon-box-link\" href=\"\/pt\/desinfecao-antiacaros\/\" ><div id=\"Info-box-wrap-9961\" class=\"aio-icon-box default-icon\" style=\"\"  ><div class=\"aio-icon-default\"><div class=\"ult-just-icon-wrapper  \"><div class=\"align-icon\" style=\"text-align:center;\">\n<div class=\"aio-icon-img \" style=\"font-size:55px;display:inline-block;\" data-animation=\"fadeIn\" data-animation-delay=\"03\">\n\t<img class=\"img-icon\" alt=\"\u00c1caro do p\u00f3\" src=\"https:\/\/www.urbancleaner.es\/wp-content\/uploads\/2016\/02\/icono-acaro.png\"\/>\n<\/div><\/div><\/div><\/div><div class=\"aio-icon-header\" ><h3 class=\"aio-icon-title ult-responsive\"  data-ultimate-target='#Info-box-wrap-9961 .aio-icon-title'  data-responsive-json-new='{\"font-size\":\"\",\"line-height\":\"\"}'  style=\"color:#ffffff;\">DESINFE\u00c7\u00c3O ANTI\u00c1CAROS<\/h3><\/div> <!-- header --><\/div> <!-- aio-icon-box --><\/a><\/div> <!-- aio-icon-component -->[\/vc_column_inner][vc_column_inner width=&#8221;1\/3&#8243;]<div class=\"aio-icon-component   icono-servicio style_2\"><a class=\"aio-icon-box-link\" href=\"\/pt\/limpeza-de-tapecarias\/\" ><div id=\"Info-box-wrap-9706\" class=\"aio-icon-box default-icon\" style=\"\"  ><div class=\"aio-icon-default\"><div class=\"ult-just-icon-wrapper  \"><div class=\"align-icon\" style=\"text-align:center;\">\n<div class=\"aio-icon-img \" style=\"font-size:55px;display:inline-block;\" data-animation=\"fadeIn\" data-animation-delay=\"03\">\n\t<img class=\"img-icon\" alt=\"Icone sof\u00e1\" src=\"https:\/\/www.urbancleaner.es\/wp-content\/uploads\/2016\/02\/icono-sofa.png\"\/>\n<\/div><\/div><\/div><\/div><div class=\"aio-icon-header\" ><h3 class=\"aio-icon-title ult-responsive\"  data-ultimate-target='#Info-box-wrap-9706 .aio-icon-title'  data-responsive-json-new='{\"font-size\":\"\",\"line-height\":\"\"}'  style=\"color:#ffffff;\">LIMPEZA DE TAPE\u00c7ARIAS<\/h3><\/div> <!-- header --><\/div> <!-- aio-icon-box --><\/a><\/div> <!-- aio-icon-component -->[\/vc_column_inner][vc_column_inner width=&#8221;1\/3&#8243;]<div class=\"aio-icon-component   icono-servicio style_2\"><a class=\"aio-icon-box-link\" href=\"\/pt\/higienizacao-de-capacetes\/\" ><div id=\"Info-box-wrap-5921\" class=\"aio-icon-box default-icon\" style=\"\"  ><div class=\"aio-icon-default\"><div class=\"ult-just-icon-wrapper  \"><div class=\"align-icon\" style=\"text-align:center;\">\n<div class=\"aio-icon-img \" style=\"font-size:55px;display:inline-block;\" data-animation=\"fadeIn\" data-animation-delay=\"03\">\n\t<img class=\"img-icon\" alt=\"Icone capacete de mota\" src=\"https:\/\/www.urbancleaner.es\/wp-content\/uploads\/2016\/01\/icono-casco.png\"\/>\n<\/div><\/div><\/div><\/div><div class=\"aio-icon-header\" ><h3 class=\"aio-icon-title ult-responsive\"  data-ultimate-target='#Info-box-wrap-5921 .aio-icon-title'  data-responsive-json-new='{\"font-size\":\"\",\"line-height\":\"\"}'  style=\"color:#ffffff;\">HIGIENIZA\u00c7\u00c3O DE CAPACETES<\/h3><\/div> <!-- header --><\/div> <!-- aio-icon-box --><\/a><\/div> <!-- aio-icon-component -->[\/vc_column_inner][\/vc_row_inner][vc_empty_space]<div id=\"ultimate-heading-321669f5aed3d3345\" class=\"uvc-heading ult-adjust-bottom-margin ultimate-heading-321669f5aed3d3345 uvc-7307 \" data-hspacer=\"line_only\"  data-halign=\"center\" style=\"text-align:center\"><div class=\"uvc-main-heading ult-responsive\"  data-ultimate-target='.uvc-heading.ultimate-heading-321669f5aed3d3345 h1'  data-responsive-json-new='{\"font-size\":\"\",\"line-height\":\"\"}' ><h1 style=\"font-weight:normal;\">UrbanCleaner<\/h1><\/div><div class=\"uvc-heading-spacer line_only\" style=\"margin-top:10px;margin-bottom:30px;height:1px;\"><span class=\"uvc-headings-line\" style=\"border-style:solid;border-bottom-width:1px;border-color:rgba(237,2,112,0.5);width:60px;\"><\/span><\/div><\/div>[vc_column_text]O <strong>UrbanCleaner<\/strong>&nbsp;\u00e9 um novo&nbsp;<strong>servi\u00e7o de limpeza e desinfe\u00e7\u00e3o ao domic\u00edlio<\/strong> para particulares e para empresas proporcionado pelo Grupo UrbanClean. O UrbanCleaner oferece aos seus clientes a possibilidade de limpar e desinfetar qualquer superf\u00edcie estofada da sua casa, o que aumenta a vida da mesma possibilitando a sua frui\u00e7\u00e3o durante mais tempo.<\/p>\n<p>Eficiente e inovador, trata-se de um sistema que garante a sa\u00fade e o bem-estar das pessoas. Um novo e revolucion\u00e1rio dispositivo que permite a&nbsp;<strong>limpeza e desinfe\u00e7\u00e3o anti\u00e1caros de colch\u00f5es, tapetes, sof\u00e1s e superf\u00edcies estofadas em geral<\/strong>.[\/vc_column_text][\/vc_column][\/vc_row][vc_row type=&#8221;1&#8243; enable_parallax=&#8221;false&#8221; parallax_speed=&#8221;0.3&#8243; row_type=&#8221;parallax&#8221; text_align=&#8221;left&#8221; background_image=&#8221;11326&#8243; full_screen_section_height=&#8221;no&#8221; section_height=&#8221;250&#8243; oblique_section=&#8221;no&#8221; oblique_section_top_and_bottom=&#8221;both&#8221; oblique_section_position=&#8221;from_left_to_right&#8221; triangle_shape=&#8221;no&#8221; triangle_shape_position=&#8221;both&#8221; min_height=&#8221;250&#8243; bg_image=&#8221;https:\/\/www.urbancleaner.es\/wp-content\/uploads\/2016\/01\/home-parallax-1.jpg&#8221; el_class=&#8221;home-parallax-section&#8221;][vc_column][\/vc_column][\/vc_row][vc_row animation=&#8221;fadeIn&#8221; margin_top=&#8221;60&#8243; margin_bottom=&#8221;60&#8243; row_type=&#8221;row&#8221; use_row_as_full_screen_section=&#8221;no&#8221; text_align=&#8221;left&#8221; background_color=&#8221;#ffffff&#8221; border_top_color=&#8221;eee&#8221; border_color=&#8221;#eeeeee&#8221; box_shadow_on_row=&#8221;no&#8221; oblique_section=&#8221;no&#8221; oblique_section_top_and_bottom=&#8221;both&#8221; oblique_section_position=&#8221;from_left_to_right&#8221; triangle_shape=&#8221;no&#8221; triangle_shape_position=&#8221;both&#8221;][vc_column]<div id=\"ultimate-heading-979269f5aed3d3363\" class=\"uvc-heading ult-adjust-bottom-margin ultimate-heading-979269f5aed3d3363 uvc-5098 \" data-hspacer=\"line_only\"  data-halign=\"center\" style=\"text-align:center\"><div class=\"uvc-main-heading ult-responsive\"  data-ultimate-target='.uvc-heading.ultimate-heading-979269f5aed3d3363 h2'  data-responsive-json-new='{\"font-size\":\"\",\"line-height\":\"\"}' ><h2 style=\"font-weight:normal;\">O problema dos \u00e1caros<\/h2><\/div><div class=\"uvc-heading-spacer line_only\" style=\"margin-top:10px;margin-bottom:30px;height:1px;\"><span class=\"uvc-headings-line\" style=\"border-style:solid;border-bottom-width:1px;border-color:rgba(237,2,112,0.5);width:60px;\"><\/span><\/div><\/div>[vc_empty_space height=&#8221;20px&#8221;][vc_row_inner row_type=&#8221;row&#8221; type=&#8221;full_width&#8221; use_row_as_full_screen_section_slide=&#8221;no&#8221; text_align=&#8221;center&#8221; padding_top=&#8221;38&#8243; padding_bottom=&#8221;0&#8243; box_shadow_on_row=&#8221;no&#8221; css=&#8221;.vc_custom_1449587501906{padding-bottom: 50px !important;}&#8221;][vc_column_inner width=&#8221;1\/3&#8243;][vc_single_image image=&#8221;81&#8243; img_size=&#8221;full&#8221; alignment=&#8221;center&#8221; style=&#8221;vc_box_shadow&#8221; hover_animation=&#8221;no&#8221;][vc_empty_space][\/vc_column_inner][vc_column_inner width=&#8221;2\/3&#8243;][vc_column_text]<\/p>\n<h3 style=\"text-align: left;\">O que s\u00e3o os \u00e1caros?<\/h3>\n<p>[\/vc_column_text][vc_column_text]Nas nossas casas, os agentes alerg\u00e9nicos encontram-se principalmente nos quartos. Se dormirmos 8 horas di\u00e1rias, passaremos neles um ter\u00e7o da nossa vida. Os principais s\u00edtios onde os agentes alerg\u00e9nicos se encontram s\u00e3o os tapetes, os colch\u00f5es e as almofadas.<\/p>\n<p>Esses agentes s\u00e3o principalmente os <em>\u00e1caros<\/em>, o p\u00f3 e os res\u00edduos da nossa pr\u00f3pria pele que quando s\u00e3o detetados pelas nossas mucosas provocam uma rea\u00e7\u00e3o inflamat\u00f3ria protetora que nos causa os <em>sintomas de alergia<\/em>.[\/vc_column_text][\/vc_column_inner][\/vc_row_inner][vc_row_inner row_type=&#8221;row&#8221; type=&#8221;full_width&#8221; use_row_as_full_screen_section_slide=&#8221;no&#8221; text_align=&#8221;center&#8221; padding_top=&#8221;38&#8243; padding_bottom=&#8221;0&#8243; box_shadow_on_row=&#8221;no&#8221;][vc_column_inner width=&#8221;1\/3&#8243;][vc_single_image image=&#8221;2004&#8243; img_size=&#8221;full&#8221; alignment=&#8221;center&#8221; style=&#8221;vc_box_shadow&#8221; hover_animation=&#8221;no&#8221;][vc_empty_space][\/vc_column_inner][vc_column_inner width=&#8221;2\/3&#8243;][vc_column_text]<\/p>\n<h3 style=\"text-align: left;\">O que \u00e9 que h\u00e1 num colch\u00e3o?<\/h3>\n<p>[\/vc_column_text][vc_column_text]\u2022 Escamas de pele: o ser humano perde todas as noites at\u00e9 1,5 gramas. Para al\u00e9m de constituir um alimento para os \u00e1caros, tamb\u00e9m atraem bact\u00e9rias que causam um odor desagrad\u00e1vel no quarto.<br \/>\n\u2022 Suor: O ser humano perde todas as noites 1,5 litros de suor pela transpira\u00e7\u00e3o natural. A humidade do suor, bem como sais e prote\u00ednas penetram parcialmente o colch\u00e3o e permanecem l\u00e1.<br \/>\n\u2022 Mofo: \u00e9 um problema muito frequente, especialmente em zonas de muita humidade; quase invis\u00edvel, desenvolve-se em virtude de excesso de humidade e de falta de ventila\u00e7\u00e3o do local.<br \/>\n\u2022 P\u00f3: vai-se acumulando diariamente e penetrando no colch\u00e3o.[\/vc_column_text][\/vc_column_inner][\/vc_row_inner][\/vc_column][\/vc_row][vc_row type=&#8221;1&#8243; enable_parallax=&#8221;false&#8221; parallax_speed=&#8221;0.3&#8243; row_type=&#8221;parallax&#8221; text_align=&#8221;left&#8221; background_image=&#8221;11327&#8243; full_screen_section_height=&#8221;no&#8221; section_height=&#8221;250&#8243; oblique_section=&#8221;no&#8221; oblique_section_top_and_bottom=&#8221;both&#8221; oblique_section_position=&#8221;from_left_to_right&#8221; triangle_shape=&#8221;no&#8221; triangle_shape_position=&#8221;both&#8221; min_height=&#8221;250&#8243; bg_image=&#8221;https:\/\/www.urbancleaner.es\/wp-content\/uploads\/2016\/01\/home-parallax-2.jpg&#8221; el_class=&#8221;home-parallax-section&#8221;][vc_column][\/vc_column][\/vc_row][vc_row animation=&#8221;fadeIn&#8221; margin_top=&#8221;50&#8243; margin_bottom=&#8221;20&#8243; row_type=&#8221;row&#8221; use_row_as_full_screen_section=&#8221;no&#8221; anchor=&#8221;home&#8221; text_align=&#8221;left&#8221; box_shadow_on_row=&#8221;no&#8221; oblique_section=&#8221;no&#8221; oblique_section_top_and_bottom=&#8221;both&#8221; oblique_section_position=&#8221;from_left_to_right&#8221; triangle_shape=&#8221;no&#8221; triangle_shape_position=&#8221;both&#8221; css=&#8221;.vc_custom_1460909472993{margin-bottom: 50px !important;}&#8221;][vc_column]<div id=\"ultimate-heading-827569f5aed3d3378\" class=\"uvc-heading ult-adjust-bottom-margin ultimate-heading-827569f5aed3d3378 uvc-7883 \" data-hspacer=\"line_only\"  data-halign=\"center\" style=\"text-align:center\"><div class=\"uvc-main-heading ult-responsive\"  data-ultimate-target='.uvc-heading.ultimate-heading-827569f5aed3d3378 h2'  data-responsive-json-new='{\"font-size\":\"\",\"line-height\":\"\"}' ><h2 style=\"font-weight:normal;\">A solu\u00e7\u00e3o: UrbanCleaner<\/h2><\/div><div class=\"uvc-heading-spacer line_only\" style=\"margin-top:10px;margin-bottom:30px;height:1px;\"><span class=\"uvc-headings-line\" style=\"border-style:solid;border-bottom-width:1px;border-color:rgba(237,2,112,0.5);width:60px;\"><\/span><\/div><\/div>[vc_column_text]O servi\u00e7o baseia-se num poderoso dispositivo port\u00e1til especialmente concebido para produzir uma for\u00e7a de suc\u00e7\u00e3o de elevada pot\u00eancia que&nbsp;<strong>elimina e extrai os \u00e1caros do p\u00f3<\/strong>&nbsp;e outros res\u00edduos que se v\u00e3o acumulando no colch\u00e3o, nas almofadas, nos sof\u00e1s e noutras superf\u00edcies estofadas.<\/p>\n<p>O aparelho emite uma luz ultravioleta sem filtro com efeito germicida que desativa o ADN dos \u00e1caros, bact\u00e9rias, esporos de fungos, v\u00edrus e de outros agentes pat\u00f3genos eliminando a sua capacidade de multiplicar-se e de causar doen\u00e7as.<\/p>\n<p>Trata-se de um&nbsp;<strong>processo totalmente natural e isento de qu\u00edmicos<\/strong> que trata a superf\u00edcie a seco e elimina efetivamente os \u00e1caros do p\u00f3, esporos, fungos, bact\u00e9rias e outros res\u00edduos.[\/vc_column_text][\/vc_column][\/vc_row][vc_row full_width=&#8221;true&#8221; row_type=&#8221;row&#8221; use_row_as_full_screen_section=&#8221;no&#8221; text_align=&#8221;left&#8221; box_shadow_on_row=&#8221;no&#8221; oblique_section=&#8221;no&#8221; oblique_section_top_and_bottom=&#8221;both&#8221; oblique_section_position=&#8221;from_left_to_right&#8221; triangle_shape=&#8221;no&#8221; triangle_shape_position=&#8221;both&#8221; triangle_shape_color=&#8221;both&#8221; el_class=&#8221;home-full-width-gallery&#8221;][vc_column width=&#8221;1\/4&#8243; offset=&#8221;vc_col-lg-3 vc_col-md-3 vc_col-xs-6&#8243;][vc_single_image image=&#8221;765&#8243; img_size=&#8221;full&#8221; alignment=&#8221;center&#8221; css_animation=&#8221;fadeIn&#8221; image_hovers=&#8221;false&#8221; css=&#8221;.vc_custom_1454523641562{margin-top: 0px !important;margin-right: 0px !important;margin-bottom: 0px !important;margin-left: 0px !important;border-top-width: 0px !important;border-right-width: 0px !important;border-bottom-width: 0px !important;border-left-width: 0px !important;padding-top: 0px !important;padding-right: 0px !important;padding-bottom: 0px !important;padding-left: 0px !important;}&#8221;][\/vc_column][vc_column width=&#8221;1\/4&#8243; offset=&#8221;vc_col-lg-3 vc_col-md-3 vc_col-xs-6&#8243;][vc_single_image image=&#8221;572&#8243; img_size=&#8221;full&#8221; alignment=&#8221;center&#8221; css_animation=&#8221;fadeIn&#8221; image_hovers=&#8221;false&#8221; css=&#8221;.vc_custom_1454523648556{margin-top: 0px !important;margin-right: 0px !important;margin-bottom: 0px !important;margin-left: 0px !important;border-top-width: 0px !important;border-right-width: 0px !important;border-bottom-width: 0px !important;border-left-width: 0px !important;padding-top: 0px !important;padding-right: 0px !important;padding-bottom: 0px !important;padding-left: 0px !important;}&#8221;][\/vc_column][vc_column width=&#8221;1\/4&#8243; offset=&#8221;vc_col-lg-3 vc_col-md-3 vc_col-xs-6&#8243;][vc_single_image image=&#8221;594&#8243; img_size=&#8221;full&#8221; alignment=&#8221;center&#8221; css_animation=&#8221;fadeIn&#8221; image_hovers=&#8221;false&#8221; css=&#8221;.vc_custom_1454523654864{margin-top: 0px !important;margin-right: 0px !important;margin-bottom: 0px !important;margin-left: 0px !important;border-top-width: 0px !important;border-right-width: 0px !important;border-bottom-width: 0px !important;border-left-width: 0px !important;padding-top: 0px !important;padding-right: 0px !important;padding-bottom: 0px !important;padding-left: 0px !important;}&#8221;][\/vc_column][vc_column width=&#8221;1\/4&#8243; offset=&#8221;vc_col-lg-3 vc_col-md-3 vc_col-xs-6&#8243;][vc_single_image image=&#8221;586&#8243; img_size=&#8221;full&#8221; alignment=&#8221;center&#8221; css_animation=&#8221;fadeIn&#8221; image_hovers=&#8221;false&#8221; css=&#8221;.vc_custom_1454523663618{margin-top: 0px !important;margin-right: 0px !important;margin-bottom: 0px !important;margin-left: 0px !important;border-top-width: 0px !important;border-right-width: 0px !important;border-bottom-width: 0px !important;border-left-width: 0px !important;padding-top: 0px !important;padding-right: 0px !important;padding-bottom: 0px !important;padding-left: 0px !important;}&#8221;][\/vc_column][\/vc_row][vc_row type=&#8221;1&#8243; animation=&#8221;fadeIn&#8221; padding_top=&#8221;50&#8243; padding_bottom=&#8221;40&#8243; bg_color=&#8221;#fafafa&#8221; row_type=&#8221;row&#8221; use_row_as_full_screen_section=&#8221;no&#8221; text_align=&#8221;left&#8221; background_color=&#8221;#fafafa&#8221; box_shadow_on_row=&#8221;no&#8221; oblique_section=&#8221;no&#8221; oblique_section_top_and_bottom=&#8221;both&#8221; oblique_section_position=&#8221;from_left_to_right&#8221; triangle_shape=&#8221;no&#8221; triangle_shape_position=&#8221;both&#8221;][vc_column]<div id=\"ultimate-heading-943669f5aed3d338d\" class=\"uvc-heading ult-adjust-bottom-margin ultimate-heading-943669f5aed3d338d uvc-3749 \" data-hspacer=\"line_only\"  data-halign=\"center\" style=\"text-align:center\"><div class=\"uvc-main-heading ult-responsive\"  data-ultimate-target='.uvc-heading.ultimate-heading-943669f5aed3d338d h2'  data-responsive-json-new='{\"font-size\":\"\",\"line-height\":\"\"}' ><h2 style=\"font-weight:normal;\">Limpeza de colch\u00f5es, tapetes e sof\u00e1s<\/h2><\/div><div class=\"uvc-heading-spacer line_only\" style=\"margin-top:10px;margin-bottom:30px;height:1px;\"><span class=\"uvc-headings-line\" style=\"border-style:solid;border-bottom-width:1px;border-color:rgba(237,2,112,0.5);width:60px;\"><\/span><\/div><\/div>[vc_column_text]O UrbanCleaner oferece um&nbsp;<strong>servi\u00e7o de limpeza de tape\u00e7arias ao domic\u00edlio<\/strong> que, gra\u00e7as a um sistema da mais avan\u00e7ada tecnologia, permite limpar sem dificuldade e sem risco todo o tipo de superf\u00edcies estofadas, sendo ideal tanto para a habita\u00e7\u00e3o como para empresas. Conhe\u00e7a ao pormenor os v\u00e1rios tipos de servi\u00e7os que n\u00f3s lhe oferecemos.[\/vc_column_text][vc_row_inner][vc_column_inner width=&#8221;1\/3&#8243;]<div class=\"ult-new-ib ult-ib-effect-style5  ult-ib-resp  \" data-min-width=\"768\" data-max-width=\"900\" style=\"background:#ffffff;\" data-opacity=\"1\" data-hover-opacity=\"0.7\" ><img class=\"ult-new-ib-img\" style=\"opacity:1;\" alt=\"Descanse tranquilamente sem \u00e1caros\" src=\"https:\/\/www.urbancleaner.es\/wp-content\/uploads\/2016\/01\/acceso-limpieza-colchones.jpg\"   \/><div id=\"interactive-banner-wrap-9125\" class=\"ult-new-ib-desc\" style=\"background:rgba(0,0,0,0.5);\"><h2 class=\"ult-new-ib-title ult-responsive\"  data-ultimate-target='#interactive-banner-wrap-9125 .ult-new-ib-title'  data-responsive-json-new='{\"font-size\":\"\",\"line-height\":\"\"}'  style=\"font-weight:normal;color:#ffffff;\">Limpeza de colch\u00f5es<\/h2><div class=\"ult-new-ib-content ult-responsive\"  data-ultimate-target='#interactive-banner-wrap-9125 .ult-new-ib-content'  data-responsive-json-new='{\"font-size\":\"\",\"line-height\":\"\"}'  style=\"font-weight:normal;\"><p><\/p><\/div><\/div><a class=\"ult-new-ib-link\" href=\"\/pt\/limpeza-de-colchoes\/\" ><\/a><\/div><script type=\"text\/javascript\">\r\n\t\t\t(function($){\r\n\t\t\t\t$(document).ready(function(){\r\n\t\t\t\t\t$(\".ult-new-ib\").css(\"opacity\",\"1\");\r\n\t\t\t\t});\r\n\t\t\t})(jQuery);\r\n\t\t\t<\/script>[\/vc_column_inner][vc_column_inner width=&#8221;1\/3&#8243;]<div class=\"ult-new-ib ult-ib-effect-style5  ult-ib-resp  \" data-min-width=\"768\" data-max-width=\"900\" style=\"background:#ffffff;\" data-opacity=\"1\" data-hover-opacity=\"0.7\" ><img class=\"ult-new-ib-img\" style=\"opacity:1;\" alt=\"Como limpar o tapete \u2013 UrbanCleaner\" src=\"https:\/\/www.urbancleaner.es\/wp-content\/uploads\/2016\/01\/acceso-limpieza-alfombras.jpg\"   \/><div id=\"interactive-banner-wrap-9661\" class=\"ult-new-ib-desc\" style=\"background:rgba(0,0,0,0.5);\"><h2 class=\"ult-new-ib-title ult-responsive\"  data-ultimate-target='#interactive-banner-wrap-9661 .ult-new-ib-title'  data-responsive-json-new='{\"font-size\":\"\",\"line-height\":\"\"}'  style=\"font-weight:normal;color:#ffffff;\">Limpeza de tapetes<\/h2><div class=\"ult-new-ib-content ult-responsive\"  data-ultimate-target='#interactive-banner-wrap-9661 .ult-new-ib-content'  data-responsive-json-new='{\"font-size\":\"\",\"line-height\":\"\"}'  style=\"font-weight:normal;\"><p><\/p><\/div><\/div><a class=\"ult-new-ib-link\" href=\"\/pt\/limpeza-de-tapetes\/\" ><\/a><\/div><script type=\"text\/javascript\">\r\n\t\t\t(function($){\r\n\t\t\t\t$(document).ready(function(){\r\n\t\t\t\t\t$(\".ult-new-ib\").css(\"opacity\",\"1\");\r\n\t\t\t\t});\r\n\t\t\t})(jQuery);\r\n\t\t\t<\/script>[\/vc_column_inner][vc_column_inner width=&#8221;1\/3&#8243;]<div class=\"ult-new-ib ult-ib-effect-style5  ult-ib-resp  \" data-min-width=\"768\" data-max-width=\"900\" style=\"background:#ffffff;\" data-opacity=\"1\" data-hover-opacity=\"0.7\" ><img class=\"ult-new-ib-img\" style=\"opacity:1;\" alt=\"Como limpar o sof\u00e1\" src=\"https:\/\/www.urbancleaner.es\/wp-content\/uploads\/2016\/01\/acceso-limpieza-sofas.jpg\"   \/><div id=\"interactive-banner-wrap-7049\" class=\"ult-new-ib-desc\" style=\"background:rgba(0,0,0,0.5);\"><h2 class=\"ult-new-ib-title ult-responsive\"  data-ultimate-target='#interactive-banner-wrap-7049 .ult-new-ib-title'  data-responsive-json-new='{\"font-size\":\"\",\"line-height\":\"\"}'  style=\"font-weight:normal;color:#ffffff;\">Limpeza de sof\u00e1s<\/h2><div class=\"ult-new-ib-content ult-responsive\"  data-ultimate-target='#interactive-banner-wrap-7049 .ult-new-ib-content'  data-responsive-json-new='{\"font-size\":\"\",\"line-height\":\"\"}'  style=\"font-weight:normal;\"><p><\/p><\/div><\/div><a class=\"ult-new-ib-link\" href=\"\/pt\/limpeza-de-sofas\/\" ><\/a><\/div><script type=\"text\/javascript\">\r\n\t\t\t(function($){\r\n\t\t\t\t$(document).ready(function(){\r\n\t\t\t\t\t$(\".ult-new-ib\").css(\"opacity\",\"1\");\r\n\t\t\t\t});\r\n\t\t\t})(jQuery);\r\n\t\t\t<\/script>[\/vc_column_inner][\/vc_row_inner][\/vc_column][\/vc_row][vc_row animation=&#8221;fadeIn&#8221; margin_top=&#8221;50&#8243; margin_bottom=&#8221;40&#8243; row_type=&#8221;row&#8221; use_row_as_full_screen_section=&#8221;no&#8221; text_align=&#8221;left&#8221; box_shadow_on_row=&#8221;no&#8221; oblique_section=&#8221;no&#8221; oblique_section_top_and_bottom=&#8221;both&#8221; oblique_section_position=&#8221;from_left_to_right&#8221; triangle_shape=&#8221;no&#8221; triangle_shape_position=&#8221;both&#8221;][vc_column]<div id=\"ultimate-heading-831269f5aed3d3b75\" class=\"uvc-heading ult-adjust-bottom-margin ultimate-heading-831269f5aed3d3b75 uvc-1489 \" data-hspacer=\"line_only\"  data-halign=\"center\" style=\"text-align:center\"><div class=\"uvc-main-heading ult-responsive\"  data-ultimate-target='.uvc-heading.ultimate-heading-831269f5aed3d3b75 h2'  data-responsive-json-new='{\"font-size\":\"\",\"line-height\":\"\"}' ><h2 style=\"font-weight:normal;\">Desinfe\u00e7\u00e3o de colch\u00f5es, tapetes e sof\u00e1s<\/h2><\/div><div class=\"uvc-heading-spacer line_only\" style=\"margin-top:10px;margin-bottom:30px;height:1px;\"><span class=\"uvc-headings-line\" style=\"border-style:solid;border-bottom-width:1px;border-color:rgba(237,2,112,0.5);width:60px;\"><\/span><\/div><\/div>[vc_column_text]A UrbanClean oferece um&nbsp;<strong>servi\u00e7o de desinfe\u00e7\u00e3o anti\u00e1caros ao domic\u00edlio<\/strong> que, gra\u00e7as ao seu inovador e eficiente sistema isento de qu\u00edmicos, permite desinfetar de forma efetiva todo o tipo de superf\u00edcies estofadas, conseguindo<strong>&nbsp;<\/strong><strong>eliminar os \u00e1caros do p\u00f3, esporos, fungos, bact\u00e9rias e outros res\u00edduos<\/strong>. Conhe\u00e7a ao pormenor os v\u00e1rios tipos de servi\u00e7os que temos para lhe oferecer.[\/vc_column_text][vc_row_inner row_type=&#8221;row&#8221; type=&#8221;full_width&#8221; use_row_as_full_screen_section_slide=&#8221;no&#8221; text_align=&#8221;left&#8221; padding_bottom=&#8221;60&#8243; box_shadow_on_row=&#8221;no&#8221;][vc_column_inner width=&#8221;1\/3&#8243;]<div class=\"ult-new-ib ult-ib-effect-style5  ult-ib-resp  \" data-min-width=\"768\" data-max-width=\"900\" style=\"background:#ffffff;\" data-opacity=\"1\" data-hover-opacity=\"0.7\" ><img class=\"ult-new-ib-img\" style=\"opacity:1;\" alt=\"Como eliminar os \u00e1caros do colch\u00e3o\" src=\"https:\/\/www.urbancleaner.es\/wp-content\/uploads\/2016\/01\/acceso-desinfeccion-colchones.jpg\"   \/><div id=\"interactive-banner-wrap-8588\" class=\"ult-new-ib-desc\" style=\"background:rgba(0,0,0,0.5);\"><h2 class=\"ult-new-ib-title ult-responsive\"  data-ultimate-target='#interactive-banner-wrap-8588 .ult-new-ib-title'  data-responsive-json-new='{\"font-size\":\"\",\"line-height\":\"\"}'  style=\"font-weight:normal;color:#ffffff;\">Desinfe\u00e7\u00e3o de colch\u00f5es<\/h2><div class=\"ult-new-ib-content ult-responsive\"  data-ultimate-target='#interactive-banner-wrap-8588 .ult-new-ib-content'  data-responsive-json-new='{\"font-size\":\"\",\"line-height\":\"\"}'  style=\"font-weight:normal;\"><p><\/p><\/div><\/div><a class=\"ult-new-ib-link\" href=\"\/pt\/desinfecao-de-colchoes\/\" ><\/a><\/div><script type=\"text\/javascript\">\r\n\t\t\t(function($){\r\n\t\t\t\t$(document).ready(function(){\r\n\t\t\t\t\t$(\".ult-new-ib\").css(\"opacity\",\"1\");\r\n\t\t\t\t});\r\n\t\t\t})(jQuery);\r\n\t\t\t<\/script>[\/vc_column_inner][vc_column_inner width=&#8221;1\/3&#8243;]<div class=\"ult-new-ib ult-ib-effect-style5  ult-ib-resp  \" data-min-width=\"768\" data-max-width=\"900\" style=\"background:#ffffff;\" data-opacity=\"1\" data-hover-opacity=\"0.7\" ><img class=\"ult-new-ib-img\" style=\"opacity:1;\" alt=\"Como desinfetar o tapete \u2013 UrbanCleaner\" src=\"https:\/\/www.urbancleaner.es\/wp-content\/uploads\/2016\/01\/acceso-desinfeccion-alfombras.jpg\"   \/><div id=\"interactive-banner-wrap-8301\" class=\"ult-new-ib-desc\" style=\"background:rgba(0,0,0,0.5);\"><h2 class=\"ult-new-ib-title ult-responsive\"  data-ultimate-target='#interactive-banner-wrap-8301 .ult-new-ib-title'  data-responsive-json-new='{\"font-size\":\"\",\"line-height\":\"\"}'  style=\"font-weight:normal;color:#ffffff;\">Desinfe\u00e7\u00e3o de tapetes<\/h2><div class=\"ult-new-ib-content ult-responsive\"  data-ultimate-target='#interactive-banner-wrap-8301 .ult-new-ib-content'  data-responsive-json-new='{\"font-size\":\"\",\"line-height\":\"\"}'  style=\"font-weight:normal;\"><p><\/p><\/div><\/div><a class=\"ult-new-ib-link\" href=\"\/pt\/desinfecao-de-tapetes\/\" ><\/a><\/div><script type=\"text\/javascript\">\r\n\t\t\t(function($){\r\n\t\t\t\t$(document).ready(function(){\r\n\t\t\t\t\t$(\".ult-new-ib\").css(\"opacity\",\"1\");\r\n\t\t\t\t});\r\n\t\t\t})(jQuery);\r\n\t\t\t<\/script>[\/vc_column_inner][vc_column_inner width=&#8221;1\/3&#8243;]<div class=\"ult-new-ib ult-ib-effect-style5  ult-ib-resp  \" data-min-width=\"768\" data-max-width=\"900\" style=\"background:#ffffff;\" data-opacity=\"1\" data-hover-opacity=\"0.7\" ><img class=\"ult-new-ib-img\" style=\"opacity:1;\" alt=\"Como desinfetar o sof\u00e1\" src=\"https:\/\/www.urbancleaner.es\/wp-content\/uploads\/2016\/01\/acceso-desinfeccion-sofas.jpg\"   \/><div id=\"interactive-banner-wrap-7003\" class=\"ult-new-ib-desc\" style=\"background:rgba(0,0,0,0.5);\"><h2 class=\"ult-new-ib-title ult-responsive\"  data-ultimate-target='#interactive-banner-wrap-7003 .ult-new-ib-title'  data-responsive-json-new='{\"font-size\":\"\",\"line-height\":\"\"}'  style=\"font-weight:normal;color:#ffffff;\">Desinfe\u00e7\u00e3o de sof\u00e1s<\/h2><div class=\"ult-new-ib-content ult-responsive\"  data-ultimate-target='#interactive-banner-wrap-7003 .ult-new-ib-content'  data-responsive-json-new='{\"font-size\":\"\",\"line-height\":\"\"}'  style=\"font-weight:normal;\"><p><\/p><\/div><\/div><a class=\"ult-new-ib-link\" href=\"\/pt\/desinfecao-de-sofas\/\" ><\/a><\/div><script type=\"text\/javascript\">\r\n\t\t\t(function($){\r\n\t\t\t\t$(document).ready(function(){\r\n\t\t\t\t\t$(\".ult-new-ib\").css(\"opacity\",\"1\");\r\n\t\t\t\t});\r\n\t\t\t})(jQuery);\r\n\t\t\t<\/script>[\/vc_column_inner][\/vc_row_inner][\/vc_column][\/vc_row][vc_row type=&#8221;1&#8243; animation=&#8221;fadeIn&#8221; padding_top=&#8221;50&#8243; padding_bottom=&#8221;40&#8243; bg_color=&#8221;#fafafa&#8221; row_type=&#8221;row&#8221; use_row_as_full_screen_section=&#8221;no&#8221; text_align=&#8221;left&#8221; background_color=&#8221;#fafafa&#8221; box_shadow_on_row=&#8221;no&#8221; oblique_section=&#8221;no&#8221; oblique_section_top_and_bottom=&#8221;both&#8221; oblique_section_position=&#8221;from_left_to_right&#8221; triangle_shape=&#8221;no&#8221; triangle_shape_position=&#8221;both&#8221;][vc_column]<div id=\"ultimate-heading-941169f5aed3d43d6\" class=\"uvc-heading ult-adjust-bottom-margin ultimate-heading-941169f5aed3d43d6 uvc-8717 \" data-hspacer=\"line_only\"  data-halign=\"center\" style=\"text-align:center\"><div class=\"uvc-main-heading ult-responsive\"  data-ultimate-target='.uvc-heading.ultimate-heading-941169f5aed3d43d6 h2'  data-responsive-json-new='{\"font-size\":\"\",\"line-height\":\"\"}' ><h2 style=\"font-weight:normal;\">Higieniza\u00e7\u00e3o de capacetes de mota<\/h2><\/div><div class=\"uvc-heading-spacer line_only\" style=\"margin-top:10px;margin-bottom:30px;height:1px;\"><span class=\"uvc-headings-line\" style=\"border-style:solid;border-bottom-width:1px;border-color:rgba(237,2,112,0.5);width:60px;\"><\/span><\/div><\/div>[vc_empty_space height=&#8221;10px&#8221; image_repeat=&#8221;no-repeat&#8221;][vc_row_inner row_type=&#8221;row&#8221; type=&#8221;grid&#8221; use_row_as_full_screen_section_slide=&#8221;no&#8221; text_align=&#8221;left&#8221; box_shadow_on_row=&#8221;no&#8221;][vc_column_inner el_class=&#8221;home-seccion-cascos&#8221; width=&#8221;2\/3&#8243;][vc_empty_space height=&#8221;20px&#8221;][vc_column_text]<\/p>\n<h3>Conhe\u00e7a o nosso novo servi\u00e7o de limpeza de capacetes<\/h3>\n<p>[\/vc_column_text][vc_column_text]A cadeia de tinturarias UrbanClean oferece um novo e exclusivo servi\u00e7o de <strong>limpeza, desinfe\u00e7\u00e3o e desodoriza\u00e7\u00e3o por ozono para capacetes de mota<\/strong>.<\/p>\n<p>Dispomos de maquinaria revolucion\u00e1ria com a poderosa a\u00e7\u00e3o higienizante e desinfetante do ozono projetada para fazer com que o seu capacete de mota esteja limpo e protegido contra os agentes pat\u00f3genos causadores do mau cheiro.[\/vc_column_text][vc_empty_space height=&#8221;30px&#8221;][\/vc_column_inner][vc_column_inner width=&#8221;1\/3&#8243;]<div class=\"ult-new-ib ult-ib-effect-style5 ibanner-casco-moto  ult-ib-resp  \" data-min-width=\"768\" data-max-width=\"900\" style=\"background:#ffffff;\" data-opacity=\"1\" data-hover-opacity=\"0.7\" ><img class=\"ult-new-ib-img\" style=\"opacity:1;\" alt=\"Limpeza de capacetes de mota\" src=\"https:\/\/www.urbancleaner.es\/wp-content\/uploads\/2016\/02\/acceso-limpieza-casco-moto.jpg\"   \/><div id=\"interactive-banner-wrap-1267\" class=\"ult-new-ib-desc\" style=\"background:rgba(0,0,0,0.5);\"><h2 class=\"ult-new-ib-title ult-responsive\"  data-ultimate-target='#interactive-banner-wrap-1267 .ult-new-ib-title'  data-responsive-json-new='{\"font-size\":\"\",\"line-height\":\"\"}'  style=\"font-weight:normal;color:#ffffff;\">Limpeza de capacetes de mota<\/h2><div class=\"ult-new-ib-content ult-responsive\"  data-ultimate-target='#interactive-banner-wrap-1267 .ult-new-ib-content'  data-responsive-json-new='{\"font-size\":\"\",\"line-height\":\"\"}'  style=\"font-weight:normal;\"><p><\/p><\/div><\/div><a class=\"ult-new-ib-link\" href=\"\/pt\/higienizacao-de-capacetes\/\" ><\/a><\/div><script type=\"text\/javascript\">\r\n\t\t\t(function($){\r\n\t\t\t\t$(document).ready(function(){\r\n\t\t\t\t\t$(\".ult-new-ib\").css(\"opacity\",\"1\");\r\n\t\t\t\t});\r\n\t\t\t})(jQuery);\r\n\t\t\t<\/script>[\/vc_column_inner][\/vc_row_inner][\/vc_column][\/vc_row][vc_row margin_top=&#8221;50&#8243; margin_bottom=&#8221;50&#8243; row_type=&#8221;row&#8221; use_row_as_full_screen_section=&#8221;no&#8221; text_align=&#8221;center&#8221; background_color=&#8221;#fafafa&#8221; box_shadow_on_row=&#8221;no&#8221; oblique_section=&#8221;no&#8221; oblique_section_top_and_bottom=&#8221;both&#8221; oblique_section_position=&#8221;from_left_to_right&#8221; triangle_shape=&#8221;no&#8221; triangle_shape_position=&#8221;both&#8221; el_class=&#8221;home-contacto&#8221;][vc_column]<div id=\"ultimate-heading-994869f5aed3d4705\" class=\"uvc-heading ult-adjust-bottom-margin ultimate-heading-994869f5aed3d4705 uvc-9350 \" data-hspacer=\"line_only\"  data-halign=\"center\" style=\"text-align:center\"><div class=\"uvc-main-heading ult-responsive\"  data-ultimate-target='.uvc-heading.ultimate-heading-994869f5aed3d4705 h2'  data-responsive-json-new='{\"font-size\":\"\",\"line-height\":\"\"}' ><h2 style=\"font-weight:normal;\">Como \u00e9 que pode contratar os nossos servi\u00e7os?<\/h2><\/div><div class=\"uvc-heading-spacer line_only\" style=\"margin-top:10px;margin-bottom:30px;height:1px;\"><span class=\"uvc-headings-line\" style=\"border-style:solid;border-bottom-width:1px;border-color:rgba(237,2,112,0.5);width:60px;\"><\/span><\/div><\/div>[vc_column_text]<\/p>\n<p style=\"text-align: center;\">Pe\u00e7a j\u00e1 o servi\u00e7o UrbanCleaner para a sua resid\u00eancia ou empresa. Dispomos de distribuidores em v\u00e1rias cidades de Espanha, M\u00e9xico, Guin\u00e9 Equatorial, USA e Portugal.<\/p>\n<p>[\/vc_column_text][vc_row_inner row_type=&#8221;row&#8221; type=&#8221;full_width&#8221; use_row_as_full_screen_section_slide=&#8221;no&#8221; text_align=&#8221;left&#8221; box_shadow_on_row=&#8221;no&#8221;][vc_column_inner el_class=&#8221;columna-seccion-contacto&#8221; width=&#8221;1\/2&#8243;]<section class=\"shortcode-teaser img-full frame-on fadeIn animate-element\"><div class=\"shortcode-teaser-img\"><a class=\"layzr-bg rollover\" href=\"https:\/\/www.urbancleaner.es\/pt\/contacto\/#1450087847896-3-8\"><img class=\"lazy-load\" src=\"data:image\/svg+xml;charset=utf-8,%3Csvg xmlns%3D&#039;http%3A%2F%2Fwww.w3.org%2F2000%2Fsvg&#039; viewBox%3D&#039;0 0 600 188&#039;%2F%3E\" width=\"600\" height=\"188\" alt=\"El Corte Ingl\u00e9s\" data-srcset=\"https:\/\/www.urbancleaner.es\/wp-content\/uploads\/2015\/07\/eci-contacto.jpg 600w\" data-src=\"https:\/\/www.urbancleaner.es\/wp-content\/uploads\/2015\/07\/eci-contacto.jpg\" \/><\/a><\/div><div class=\"shortcode-teaser-content text-big\"><p style=\"text-align: center;\">Contrate-nos nos Centros UrbanClean de El Corte Ingl\u00e9s Valencia.<\/p>\n<\/div><\/section>[\/vc_column_inner][vc_column_inner el_class=&#8221;columna-seccion-contacto&#8221; width=&#8221;1\/2&#8243;]<section class=\"shortcode-teaser img-full frame-on fadeIn animate-element\"><div class=\"shortcode-teaser-img\"><a class=\"layzr-bg rollover\" href=\"https:\/\/www.urbancleaner.es\/pt\/contacto\/\"><img class=\"lazy-load\" src=\"data:image\/svg+xml;charset=utf-8,%3Csvg xmlns%3D&#039;http%3A%2F%2Fwww.w3.org%2F2000%2Fsvg&#039; viewBox%3D&#039;0 0 600 188&#039;%2F%3E\" width=\"600\" height=\"188\" alt=\"Distribuidores UrbanCleaner\" data-srcset=\"https:\/\/www.urbancleaner.es\/wp-content\/uploads\/2015\/07\/ucleaner-contacto.jpg 600w\" data-src=\"https:\/\/www.urbancleaner.es\/wp-content\/uploads\/2015\/07\/ucleaner-contacto.jpg\" \/><\/a><\/div><div class=\"shortcode-teaser-content text-big\"><p style=\"text-align: center;\">Procure o distribuidor mais pr\u00f3ximo.<\/p>\n<\/div><\/section>[\/vc_column_inner][\/vc_row_inner][\/vc_column][\/vc_row][vc_row type=&#8221;1&#8243; padding_top=&#8221;50&#8243; padding_bottom=&#8221;30&#8243; bg_color=&#8221;#fafafa&#8221; row_type=&#8221;row&#8221; use_row_as_full_screen_section=&#8221;no&#8221; text_align=&#8221;left&#8221; box_shadow_on_row=&#8221;no&#8221; oblique_section=&#8221;no&#8221; oblique_section_top_and_bottom=&#8221;both&#8221; oblique_section_position=&#8221;from_left_to_right&#8221; triangle_shape=&#8221;no&#8221; triangle_shape_position=&#8221;both&#8221; css=&#8221;.vc_custom_1460910145742{background-color: #fafafa !important;}&#8221;][vc_column]<div id=\"ultimate-heading-827269f5aed3d5207\" class=\"uvc-heading ult-adjust-bottom-margin ultimate-heading-827269f5aed3d5207 uvc-7191 \" data-hspacer=\"line_only\"  data-halign=\"center\" style=\"text-align:center\"><div class=\"uvc-main-heading ult-responsive\"  data-ultimate-target='.uvc-heading.ultimate-heading-827269f5aed3d5207 h2'  data-responsive-json-new='{\"font-size\":\"\",\"line-height\":\"\"}' ><h2 style=\"font-weight:normal;\">V\u00eddeos promocionais<\/h2><\/div><div class=\"uvc-heading-spacer line_only\" style=\"margin-top:10px;margin-bottom:30px;height:1px;\"><span class=\"uvc-headings-line\" style=\"border-style:solid;border-bottom-width:1px;border-color:rgba(237,2,112,0.5);width:60px;\"><\/span><\/div><\/div>[vc_column_text]<\/p>\n<p style=\"text-align: center;\">Conhe\u00e7a os pormenores dos servi\u00e7os que o UrbanCleaner lhe oferece atrav\u00e9s dos seus v\u00eddeos promocionais.<\/p>\n<p>[\/vc_column_text][vc_row_inner css=&#8221;.vc_custom_1454310517598{margin-bottom: 20px !important;}&#8221; el_class=&#8221;row-custom-gallery-video-content&#8221;][vc_column_inner width=&#8221;1\/2&#8243; offset=&#8221;vc_col-lg-6 vc_col-md-6 vc_col-xs-12&#8243;]<style type=\"text\/css\" data-type=\"the7_shortcodes-inline-css\">.shortcode-single-image-wrap.shortcode-single-image-a5fa905756752bbce2ea23be25ca33de.enable-bg-rollover .rollover i,\n.shortcode-single-image-wrap.shortcode-single-image-a5fa905756752bbce2ea23be25ca33de.enable-bg-rollover .rollover-video i {\n  background: -webkit-linear-gradient();\n  background: linear-gradient();\n}\n.shortcode-single-image-wrap.shortcode-single-image-a5fa905756752bbce2ea23be25ca33de .rollover-icon {\n  font-size: 32px;\n  color: #ffffff;\n  min-width: 44px;\n  min-height: 44px;\n  line-height: 44px;\n  border-radius: 100px;\n  border-style: solid;\n  border-width: 0px;\n}\n.dt-icon-bg-on.shortcode-single-image-wrap.shortcode-single-image-a5fa905756752bbce2ea23be25ca33de .rollover-icon {\n  background: rgba(255,255,255,0.3);\n  box-shadow: none;\n}\n<\/style><div class=\"shortcode-single-image-wrap shortcode-single-image-a5fa905756752bbce2ea23be25ca33de alignnone fadeIn animate-element  enable-bg-rollover dt-icon-bg-off\" style=\"margin-top:0px; margin-bottom:0px; margin-left:0px; margin-right:0px;\"><div class=\"shortcode-single-image\"><div class=\"fancy-media-wrap\" style=\"\"><div class=\"layzr-bg rollover-video\" style=\"\"><img class=\"preload-me lazy-load\" src=\"data:image\/svg+xml,%3Csvg%20xmlns%3D&#39;http%3A%2F%2Fwww.w3.org%2F2000%2Fsvg&#39;%20viewBox%3D&#39;0%200%20530%20300&#39;%2F%3E\" data-src=\"https:\/\/www.urbancleaner.es\/wp-content\/uploads\/2016\/01\/video-desinfeccion-colchones.jpg\" data-srcset=\"https:\/\/www.urbancleaner.es\/wp-content\/uploads\/2016\/01\/video-desinfeccion-colchones.jpg 530w\" width=\"530\" height=\"300\"  data-dt-location=\"https:\/\/www.urbancleaner.es\/pt\/video-desinfeccion-colchones-2\/\" alt=\"V\u00eddeo Desinfe\u00e7\u00e3o anti\u00e1caros de colch\u00f5es ao domic\u00edlio - UrbanCleaner\" \/><a class=\"video-icon dt-pswp-item pswp-video\" href=\"https:\/\/www.youtube.com\/watch?v=-trhPVoWCR4\" title=\"V\u00eddeo Desinfe\u00e7\u00e3o anti\u00e1caros de colch\u00f5es ao domic\u00edlio &#8211; UrbanCleaner\" data-dt-img-description=\"\"><\/a><\/div><\/div><\/div><\/div><style type=\"text\/css\" data-type=\"the7_shortcodes-inline-css\">.shortcode-single-image-wrap.shortcode-single-image-091b263c8e46c62e6a5daa08407d4c0c.enable-bg-rollover .rollover i,\n.shortcode-single-image-wrap.shortcode-single-image-091b263c8e46c62e6a5daa08407d4c0c.enable-bg-rollover .rollover-video i {\n  background: -webkit-linear-gradient();\n  background: linear-gradient();\n}\n.shortcode-single-image-wrap.shortcode-single-image-091b263c8e46c62e6a5daa08407d4c0c .rollover-icon {\n  font-size: 32px;\n  color: #ffffff;\n  min-width: 44px;\n  min-height: 44px;\n  line-height: 44px;\n  border-radius: 100px;\n  border-style: solid;\n  border-width: 0px;\n}\n.dt-icon-bg-on.shortcode-single-image-wrap.shortcode-single-image-091b263c8e46c62e6a5daa08407d4c0c .rollover-icon {\n  background: rgba(255,255,255,0.3);\n  box-shadow: none;\n}\n<\/style><div class=\"shortcode-single-image-wrap shortcode-single-image-091b263c8e46c62e6a5daa08407d4c0c alignnone fadeIn animate-element  enable-bg-rollover dt-icon-bg-off\" style=\"margin-top:0px; margin-bottom:0px; margin-left:0px; margin-right:0px;\"><div class=\"shortcode-single-image\"><div class=\"fancy-media-wrap\" style=\"\"><div class=\"layzr-bg rollover-video\" style=\"\"><img class=\"preload-me lazy-load\" src=\"data:image\/svg+xml,%3Csvg%20xmlns%3D&#39;http%3A%2F%2Fwww.w3.org%2F2000%2Fsvg&#39;%20viewBox%3D&#39;0%200%20530%20300&#39;%2F%3E\" data-src=\"https:\/\/www.urbancleaner.es\/wp-content\/uploads\/2016\/01\/video-limpieza-sofas-2.jpg\" data-srcset=\"https:\/\/www.urbancleaner.es\/wp-content\/uploads\/2016\/01\/video-limpieza-sofas-2.jpg 530w\" width=\"530\" height=\"300\"  data-dt-location=\"https:\/\/www.urbancleaner.es\/pt\/video-limpieza-sofas-2-2\/\" alt=\"V\u00eddeo Limpeza de sof\u00e1s ao domic\u00edlio - UrbanCleaner\" \/><a class=\"video-icon dt-pswp-item pswp-video\" href=\"https:\/\/www.youtube.com\/watch?v=n5MRJYav1QI\" title=\"V\u00eddeo Limpeza de sof\u00e1s ao domic\u00edlio &#8211; UrbanCleaner\" data-dt-img-description=\"\"><\/a><\/div><\/div><\/div><\/div>[\/vc_column_inner][vc_column_inner width=&#8221;1\/2&#8243; offset=&#8221;vc_col-lg-6 vc_col-md-6 vc_col-xs-12&#8243;]<style type=\"text\/css\" data-type=\"the7_shortcodes-inline-css\">.shortcode-single-image-wrap.shortcode-single-image-91474d01dd4a9cc841e51f312a61e03c.enable-bg-rollover .rollover i,\n.shortcode-single-image-wrap.shortcode-single-image-91474d01dd4a9cc841e51f312a61e03c.enable-bg-rollover .rollover-video i {\n  background: -webkit-linear-gradient();\n  background: linear-gradient();\n}\n.shortcode-single-image-wrap.shortcode-single-image-91474d01dd4a9cc841e51f312a61e03c .rollover-icon {\n  font-size: 32px;\n  color: #ffffff;\n  min-width: 44px;\n  min-height: 44px;\n  line-height: 44px;\n  border-radius: 100px;\n  border-style: solid;\n  border-width: 0px;\n}\n.dt-icon-bg-on.shortcode-single-image-wrap.shortcode-single-image-91474d01dd4a9cc841e51f312a61e03c .rollover-icon {\n  background: rgba(255,255,255,0.3);\n  box-shadow: none;\n}\n<\/style><div class=\"shortcode-single-image-wrap shortcode-single-image-91474d01dd4a9cc841e51f312a61e03c alignnone fadeIn animate-element  enable-bg-rollover dt-icon-bg-off\" style=\"margin-top:0px; margin-bottom:0px; margin-left:0px; margin-right:0px;\"><div class=\"shortcode-single-image\"><div class=\"fancy-media-wrap\" style=\"\"><div class=\"layzr-bg rollover-video\" style=\"\"><img class=\"preload-me lazy-load\" src=\"data:image\/svg+xml,%3Csvg%20xmlns%3D&#39;http%3A%2F%2Fwww.w3.org%2F2000%2Fsvg&#39;%20viewBox%3D&#39;0%200%20530%20300&#39;%2F%3E\" data-src=\"https:\/\/www.urbancleaner.es\/wp-content\/uploads\/2016\/01\/video-limpieza-sofas.jpg\" data-srcset=\"https:\/\/www.urbancleaner.es\/wp-content\/uploads\/2016\/01\/video-limpieza-sofas.jpg 530w\" width=\"530\" height=\"300\"  data-dt-location=\"https:\/\/www.urbancleaner.es\/pt\/video-limpieza-sofas-3\/\" alt=\"V\u00eddeo Limpeza de sof\u00e1s ao domic\u00edlio - UrbanCleaner\" \/><a class=\"video-icon dt-pswp-item pswp-video\" href=\"https:\/\/www.youtube.com\/watch?v=x3PZ_SMCPJs\" title=\"V\u00eddeo Limpeza de sof\u00e1s ao domic\u00edlio &#8211; UrbanCleaner\" data-dt-img-description=\"\"><\/a><\/div><\/div><\/div><\/div><style type=\"text\/css\" data-type=\"the7_shortcodes-inline-css\">.shortcode-single-image-wrap.shortcode-single-image-305b9b2d2e2977b6dc2955b421e96eb0.enable-bg-rollover .rollover i,\n.shortcode-single-image-wrap.shortcode-single-image-305b9b2d2e2977b6dc2955b421e96eb0.enable-bg-rollover .rollover-video i {\n  background: -webkit-linear-gradient();\n  background: linear-gradient();\n}\n.shortcode-single-image-wrap.shortcode-single-image-305b9b2d2e2977b6dc2955b421e96eb0 .rollover-icon {\n  font-size: 32px;\n  color: #ffffff;\n  min-width: 44px;\n  min-height: 44px;\n  line-height: 44px;\n  border-radius: 100px;\n  border-style: solid;\n  border-width: 0px;\n}\n.dt-icon-bg-on.shortcode-single-image-wrap.shortcode-single-image-305b9b2d2e2977b6dc2955b421e96eb0 .rollover-icon {\n  background: rgba(255,255,255,0.3);\n  box-shadow: none;\n}\n<\/style><div class=\"shortcode-single-image-wrap shortcode-single-image-305b9b2d2e2977b6dc2955b421e96eb0 alignnone fadeIn animate-element  enable-bg-rollover dt-icon-bg-off\" style=\"margin-top:0px; margin-bottom:0px; margin-left:0px; margin-right:0px;\"><div class=\"shortcode-single-image\"><div class=\"fancy-media-wrap\" style=\"\"><div class=\"layzr-bg rollover-video\" style=\"\"><img class=\"preload-me lazy-load\" src=\"data:image\/svg+xml,%3Csvg%20xmlns%3D&#39;http%3A%2F%2Fwww.w3.org%2F2000%2Fsvg&#39;%20viewBox%3D&#39;0%200%20530%20300&#39;%2F%3E\" data-src=\"https:\/\/www.urbancleaner.es\/wp-content\/uploads\/2016\/01\/video-higienizacion-cascos.jpg\" data-srcset=\"https:\/\/www.urbancleaner.es\/wp-content\/uploads\/2016\/01\/video-higienizacion-cascos.jpg 530w\" width=\"530\" height=\"300\"  data-dt-location=\"https:\/\/www.urbancleaner.es\/pt\/video-higienizacion-cascos-2\/\" alt=\"V\u00eddeo Limpeza, desinfe\u00e7\u00e3o e desodoriza\u00e7\u00e3o por ozono para capacetes de mota - UrbanCleaner\" \/><a class=\"video-icon dt-pswp-item pswp-video\" href=\"https:\/\/www.youtube.com\/watch?v=zBcmytW1jSc\" title=\"V\u00eddeo Limpeza, desinfe\u00e7\u00e3o e desodoriza\u00e7\u00e3o por ozono para capacetes de mota &#8211; UrbanCleaner\" data-dt-img-description=\"\"><\/a><\/div><\/div><\/div><\/div>[\/vc_column_inner][\/vc_row_inner][\/vc_column][\/vc_row][vc_row margin_top=&#8221;50&#8243; row_type=&#8221;row&#8221; use_row_as_full_screen_section=&#8221;no&#8221; text_align=&#8221;left&#8221; box_shadow_on_row=&#8221;no&#8221; oblique_section=&#8221;no&#8221; oblique_section_top_and_bottom=&#8221;both&#8221; oblique_section_position=&#8221;from_left_to_right&#8221; triangle_shape=&#8221;no&#8221; triangle_shape_position=&#8221;both&#8221;][vc_column]<div id=\"ultimate-heading-208069f5aed3d8b2a\" class=\"uvc-heading ult-adjust-bottom-margin ultimate-heading-208069f5aed3d8b2a uvc-7242 \" data-hspacer=\"line_only\"  data-halign=\"center\" style=\"text-align:center\"><div class=\"uvc-main-heading ult-responsive\"  data-ultimate-target='.uvc-heading.ultimate-heading-208069f5aed3d8b2a h2'  data-responsive-json-new='{\"font-size\":\"\",\"line-height\":\"\"}' ><h2 style=\"font-weight:normal;\">\u00daltimas not\u00edcias<\/h2><\/div><div class=\"uvc-heading-spacer line_only\" style=\"margin-top:10px;margin-bottom:30px;height:1px;\"><span class=\"uvc-headings-line\" style=\"border-style:solid;border-bottom-width:1px;border-color:rgba(237,2,112,0.5);width:60px;\"><\/span><\/div><\/div><div class=\"dt-shortcode with-isotope\"><div class=\"wf-container dt-blog-shortcode circle-fancy-style loading-effect-fade-in iso-container description-under-image content-align-left\" data-padding=\"20px\" data-cur-page=\"1\" data-posts-per-page=\"-1\" data-width=\"250px\" data-columns=\"3\">\n<div class=\"wf-cell iso-item\" data-post-id=\"1977\" data-date=\"2016-02-25T14:30:32+01:00\" data-name=\"O grupo UrbanClean estar\u00e1 presente na Feira Internacional de Franquias do M\u00e9xico.\">\n\t<article class=\"post post-1977 type-post status-publish format-standard has-post-thumbnail hentry category-noticias-pt category-25 description-off\">\n\n\t\t\n\t\t\t<div class=\"blog-media wf-td\">\n\n\t\t\t\t<p><a href=\"https:\/\/www.urbancleaner.es\/pt\/feira-internacional-franquias-mexico\/\" class=\"alignnone rollover layzr-bg\" ><img class=\"preload-me iso-lazy-load\" src=\"data:image\/svg+xml,%3Csvg%20xmlns%3D&#39;http%3A%2F%2Fwww.w3.org%2F2000%2Fsvg&#39;%20viewBox%3D&#39;0%200%20375%20291&#39;%2F%3E\" data-src=\"https:\/\/www.urbancleaner.es\/wp-content\/uploads\/2016\/02\/urbanclean-feria-franquicias-mexico-375x291.jpg\" data-srcset=\"https:\/\/www.urbancleaner.es\/wp-content\/uploads\/2016\/02\/urbanclean-feria-franquicias-mexico-375x291.jpg 375w, https:\/\/www.urbancleaner.es\/wp-content\/uploads\/2016\/02\/urbanclean-feria-franquicias-mexico-750x582.jpg 750w\" alt=\"UrbanClean - Feira Internacional de Franquias do M\u00e9xico\" title=\"UrbanClean &#8211; Feira Internacional de Franquias do M\u00e9xico\" width=\"375\" height=\"291\"  \/><\/a><\/p>\n\t\t\t<\/div>\n\n\t\t\n\t\t<div class=\"blog-content wf-td\">\n\t\t\t<h3 class=\"entry-title\"><a href=\"https:\/\/www.urbancleaner.es\/pt\/feira-internacional-franquias-mexico\/\" title=\"O grupo UrbanClean estar\u00e1 presente na Feira Internacional de Franquias do M\u00e9xico.\" rel=\"bookmark\">O grupo UrbanClean estar\u00e1 presente na Feira Internacional de Franquias do M\u00e9xico.<\/a><\/h3>\n\n\t\t\t<p>O grupo UrbanClean apresentar\u00e1 os seus v\u00e1rios modelos de neg\u00f3cio dentro do mundo das franquias na Feira Internacional de Franquias do M\u00e9xico. <\/p>\n\n\t\t<\/div>\n\n\t<\/article>\n\n<\/div>\n<div class=\"wf-cell iso-item\" data-post-id=\"1982\" data-date=\"2016-01-21T14:36:37+01:00\" data-name=\"A UrbanClean lan\u00e7a o definitivo servi\u00e7o de limpeza de sof\u00e1s ao domicilio.\">\n\t<article class=\"post post-1982 type-post status-publish format-standard has-post-thumbnail hentry category-noticias-pt category-25 description-off\">\n\n\t\t\n\t\t\t<div class=\"blog-media wf-td\">\n\n\t\t\t\t<p><a href=\"https:\/\/www.urbancleaner.es\/pt\/servico-limpeza-sofas-ao-domicilio\/\" class=\"alignnone rollover layzr-bg\" ><img class=\"preload-me iso-lazy-load\" src=\"data:image\/svg+xml,%3Csvg%20xmlns%3D&#39;http%3A%2F%2Fwww.w3.org%2F2000%2Fsvg&#39;%20viewBox%3D&#39;0%200%20375%20212&#39;%2F%3E\" data-src=\"https:\/\/www.urbancleaner.es\/wp-content\/uploads\/2016\/01\/video-limpieza-sofas-375x212.jpg\" data-srcset=\"https:\/\/www.urbancleaner.es\/wp-content\/uploads\/2016\/01\/video-limpieza-sofas-375x212.jpg 375w, https:\/\/www.urbancleaner.es\/wp-content\/uploads\/2016\/01\/video-limpieza-sofas.jpg 530w\" alt=\"V\u00eddeo Limpeza de sof\u00e1s ao domic\u00edlio - UrbanCleaner\" title=\"V\u00eddeo Limpeza de sof\u00e1s ao domic\u00edlio &#8211; UrbanCleaner\" width=\"375\" height=\"212\"  \/><\/a><\/p>\n\t\t\t<\/div>\n\n\t\t\n\t\t<div class=\"blog-content wf-td\">\n\t\t\t<h3 class=\"entry-title\"><a href=\"https:\/\/www.urbancleaner.es\/pt\/servico-limpeza-sofas-ao-domicilio\/\" title=\"A UrbanClean lan\u00e7a o definitivo servi\u00e7o de limpeza de sof\u00e1s ao domicilio.\" rel=\"bookmark\">A UrbanClean lan\u00e7a o definitivo servi\u00e7o de limpeza de sof\u00e1s ao domicilio.<\/a><\/h3>\n\n\t\t\t<p>Novo servi\u00e7o de limpeza e desinfe\u00e7\u00e3o de superf\u00edcies estofadas ao domic\u00edlio do UrbanCleaner, a solu\u00e7\u00e3o ideal para os m\u00f3veis estofados da sua habita\u00e7\u00e3o.<\/p>\n\n\t\t<\/div>\n\n\t<\/article>\n\n<\/div>\n<div class=\"wf-cell iso-item\" data-post-id=\"1989\" data-date=\"2016-01-18T14:48:25+01:00\" data-name=\"A empresa valenciana UrbanClean revoluciona a limpeza de capacetes de mota.\">\n\t<article class=\"post post-1989 type-post status-publish format-standard has-post-thumbnail hentry category-noticias-pt category-25 description-off\">\n\n\t\t\n\t\t\t<div class=\"blog-media wf-td\">\n\n\t\t\t\t<p><a href=\"https:\/\/www.urbancleaner.es\/pt\/servico-limpeza-capacetes-mota\/\" class=\"alignnone rollover layzr-bg\" ><img class=\"preload-me iso-lazy-load\" src=\"data:image\/svg+xml,%3Csvg%20xmlns%3D&#39;http%3A%2F%2Fwww.w3.org%2F2000%2Fsvg&#39;%20viewBox%3D&#39;0%200%20375%20212&#39;%2F%3E\" data-src=\"https:\/\/www.urbancleaner.es\/wp-content\/uploads\/2016\/01\/servicio-desodorizacion-cascos-375x212.jpg\" data-srcset=\"https:\/\/www.urbancleaner.es\/wp-content\/uploads\/2016\/01\/servicio-desodorizacion-cascos-375x212.jpg 375w, https:\/\/www.urbancleaner.es\/wp-content\/uploads\/2016\/01\/servicio-desodorizacion-cascos.jpg 530w\" alt=\"Limpeza, desinfe\u00e7\u00e3o e desodoriza\u00e7\u00e3o por ozono para capacetes de mota\" title=\"Limpeza, desinfe\u00e7\u00e3o e desodoriza\u00e7\u00e3o por ozono para capacetes de mota\" width=\"375\" height=\"212\"  \/><\/a><\/p>\n\t\t\t<\/div>\n\n\t\t\n\t\t<div class=\"blog-content wf-td\">\n\t\t\t<h3 class=\"entry-title\"><a href=\"https:\/\/www.urbancleaner.es\/pt\/servico-limpeza-capacetes-mota\/\" title=\"A empresa valenciana UrbanClean revoluciona a limpeza de capacetes de mota.\" rel=\"bookmark\">A empresa valenciana UrbanClean revoluciona a limpeza de capacetes de mota.<\/a><\/h3>\n\n\t\t\t<p>A cadeia de tinturarias UrbanClean traz para Val\u00eancia um novo e exclusivo servi\u00e7o de limpeza, desinfe\u00e7\u00e3o e desodoriza\u00e7\u00e3o por ozono para capacetes de mota.<\/p>\n\n\t\t<\/div>\n\n\t<\/article>\n\n<\/div><\/div><\/div>[\/vc_column][\/vc_row]<\/p>\n","protected":false},"excerpt":{"rendered":"<p>[vc_row animation=&#8221;fadeIn&#8221; margin_top=&#8221;-5&#8243; margin_bottom=&#8221;50&#8243; row_type=&#8221;row&#8221; use_row_as_full_screen_section=&#8221;no&#8221; anchor=&#8221;home&#8221; text_align=&#8221;left&#8221; box_shadow_on_row=&#8221;no&#8221; oblique_section=&#8221;no&#8221; oblique_section_top_and_bottom=&#8221;both&#8221; oblique_section_position=&#8221;from_left_to_right&#8221; triangle_shape=&#8221;no&#8221; triangle_shape_position=&#8221;both&#8221;][vc_column][vc_row_inner][vc_column_inner width=&#8221;1\/3&#8243;][\/vc_column_inner][vc_column_inner width=&#8221;1\/3&#8243;][\/vc_column_inner][vc_column_inner width=&#8221;1\/3&#8243;][\/vc_column_inner][\/vc_row_inner][vc_empty_space][vc_column_text]O UrbanCleaner&nbsp;\u00e9 um novo&nbsp;servi\u00e7o de limpeza e desinfe\u00e7\u00e3o ao domic\u00edlio para particulares e para empresas proporcionado pelo Grupo UrbanClean. O UrbanCleaner oferece aos seus clientes a possibilidade de limpar e desinfetar qualquer superf\u00edcie estofada da sua casa, o que&hellip;<\/p>\n","protected":false},"author":2,"featured_media":0,"parent":0,"menu_order":0,"comment_status":"closed","ping_status":"closed","template":"","meta":{"content-type":""},"yoast_head":"<!-- This site is optimized with the Yoast SEO plugin v18.3 - https:\/\/yoast.com\/wordpress\/plugins\/seo\/ -->\n<title>Limpeza e desinfe\u00e7\u00e3o anti\u00e1caros | UrbanCleaner<\/title>\n<meta name=\"description\" content=\"Servi\u00e7o de limpeza e desinfe\u00e7\u00e3o anti\u00e1caros para colch\u00f5es, almofadas, tapetes, sof\u00e1s e superf\u00edcies estofadas. Limpeza de capacetes de mota.\" \/>\n<meta name=\"robots\" content=\"index, follow, max-snippet:-1, max-image-preview:large, max-video-preview:-1\" \/>\n<link rel=\"canonical\" href=\"https:\/\/www.urbancleaner.es\/pt\/\" \/>\n<meta property=\"og:locale\" content=\"pt_PT\" \/>\n<meta property=\"og:type\" content=\"article\" \/>\n<meta property=\"og:title\" content=\"Limpeza e desinfe\u00e7\u00e3o anti\u00e1caros | UrbanCleaner\" \/>\n<meta property=\"og:description\" content=\"Servi\u00e7o de limpeza e desinfe\u00e7\u00e3o anti\u00e1caros para colch\u00f5es, almofadas, tapetes, sof\u00e1s e superf\u00edcies estofadas. Limpeza de capacetes de mota.\" \/>\n<meta property=\"og:url\" content=\"https:\/\/www.urbancleaner.es\/pt\/\" \/>\n<meta property=\"og:site_name\" content=\"UrbanCleaner\" \/>\n<meta property=\"article:publisher\" content=\"https:\/\/www.facebook.com\/UrbanCleaner-493027774232470\/\" \/>\n<meta property=\"article:modified_time\" content=\"2022-03-16T17:57:22+00:00\" \/>\n<meta name=\"twitter:card\" content=\"summary\" \/>\n<meta name=\"twitter:label1\" content=\"Est. reading time\" \/>\n\t<meta name=\"twitter:data1\" content=\"7 minutes\" \/>\n<script type=\"application\/ld+json\" class=\"yoast-schema-graph\">{\"@context\":\"https:\/\/schema.org\",\"@graph\":[{\"@type\":\"Organization\",\"@id\":\"https:\/\/www.urbancleaner.es\/#organization\",\"name\":\"UrbanCleaner\",\"url\":\"https:\/\/www.urbancleaner.es\/\",\"sameAs\":[\"https:\/\/www.facebook.com\/UrbanCleaner-493027774232470\/\",\"https:\/\/www.youtube.com\/channel\/UCPwVcTW4iUgxko1a5x6XJBg\"],\"logo\":{\"@type\":\"ImageObject\",\"@id\":\"https:\/\/www.urbancleaner.es\/#logo\",\"inLanguage\":\"pt\",\"url\":\"https:\/\/www.urbancleaner.es\/wp-content\/uploads\/2015\/12\/logo-hb-60.png\",\"contentUrl\":\"https:\/\/www.urbancleaner.es\/wp-content\/uploads\/2015\/12\/logo-hb-60.png\",\"width\":305,\"height\":60,\"caption\":\"UrbanCleaner\"},\"image\":{\"@id\":\"https:\/\/www.urbancleaner.es\/#logo\"}},{\"@type\":\"WebSite\",\"@id\":\"https:\/\/www.urbancleaner.es\/#website\",\"url\":\"https:\/\/www.urbancleaner.es\/\",\"name\":\"UrbanCleaner\",\"description\":\"Sistema de limpeza e desinfe\u00e7\u00e3o ao domic\u00edlio\",\"publisher\":{\"@id\":\"https:\/\/www.urbancleaner.es\/#organization\"},\"potentialAction\":[{\"@type\":\"SearchAction\",\"target\":{\"@type\":\"EntryPoint\",\"urlTemplate\":\"https:\/\/www.urbancleaner.es\/?s={search_term_string}\"},\"query-input\":\"required name=search_term_string\"}],\"inLanguage\":\"pt\"},{\"@type\":\"WebPage\",\"@id\":\"https:\/\/www.urbancleaner.es\/pt\/#webpage\",\"url\":\"https:\/\/www.urbancleaner.es\/pt\/\",\"name\":\"Limpeza e desinfe\u00e7\u00e3o anti\u00e1caros | UrbanCleaner\",\"isPartOf\":{\"@id\":\"https:\/\/www.urbancleaner.es\/#website\"},\"datePublished\":\"2016-05-06T05:51:12+00:00\",\"dateModified\":\"2022-03-16T17:57:22+00:00\",\"description\":\"Servi\u00e7o de limpeza e desinfe\u00e7\u00e3o anti\u00e1caros para colch\u00f5es, almofadas, tapetes, sof\u00e1s e superf\u00edcies estofadas. Limpeza de capacetes de mota.\",\"breadcrumb\":{\"@id\":\"https:\/\/www.urbancleaner.es\/pt\/#breadcrumb\"},\"inLanguage\":\"pt\",\"potentialAction\":[{\"@type\":\"ReadAction\",\"target\":[\"https:\/\/www.urbancleaner.es\/pt\/\"]}]},{\"@type\":\"BreadcrumbList\",\"@id\":\"https:\/\/www.urbancleaner.es\/pt\/#breadcrumb\",\"itemListElement\":[{\"@type\":\"ListItem\",\"position\":1,\"name\":\"Inicio\",\"item\":\"https:\/\/www.urbancleaner.es\/pt\/\"},{\"@type\":\"ListItem\",\"position\":2,\"name\":\"In\u00edcio\"}]}]}<\/script>\n<!-- \/ Yoast SEO plugin. -->","yoast_head_json":{"title":"Limpeza e desinfe\u00e7\u00e3o anti\u00e1caros | UrbanCleaner","description":"Servi\u00e7o de limpeza e desinfe\u00e7\u00e3o anti\u00e1caros para colch\u00f5es, almofadas, tapetes, sof\u00e1s e superf\u00edcies estofadas. Limpeza de capacetes de mota.","robots":{"index":"index","follow":"follow","max-snippet":"max-snippet:-1","max-image-preview":"max-image-preview:large","max-video-preview":"max-video-preview:-1"},"canonical":"https:\/\/www.urbancleaner.es\/pt\/","og_locale":"pt_PT","og_type":"article","og_title":"Limpeza e desinfe\u00e7\u00e3o anti\u00e1caros | UrbanCleaner","og_description":"Servi\u00e7o de limpeza e desinfe\u00e7\u00e3o anti\u00e1caros para colch\u00f5es, almofadas, tapetes, sof\u00e1s e superf\u00edcies estofadas. Limpeza de capacetes de mota.","og_url":"https:\/\/www.urbancleaner.es\/pt\/","og_site_name":"UrbanCleaner","article_publisher":"https:\/\/www.facebook.com\/UrbanCleaner-493027774232470\/","article_modified_time":"2022-03-16T17:57:22+00:00","twitter_card":"summary","twitter_misc":{"Est. reading time":"7 minutes"},"schema":{"@context":"https:\/\/schema.org","@graph":[{"@type":"Organization","@id":"https:\/\/www.urbancleaner.es\/#organization","name":"UrbanCleaner","url":"https:\/\/www.urbancleaner.es\/","sameAs":["https:\/\/www.facebook.com\/UrbanCleaner-493027774232470\/","https:\/\/www.youtube.com\/channel\/UCPwVcTW4iUgxko1a5x6XJBg"],"logo":{"@type":"ImageObject","@id":"https:\/\/www.urbancleaner.es\/#logo","inLanguage":"pt","url":"https:\/\/www.urbancleaner.es\/wp-content\/uploads\/2015\/12\/logo-hb-60.png","contentUrl":"https:\/\/www.urbancleaner.es\/wp-content\/uploads\/2015\/12\/logo-hb-60.png","width":305,"height":60,"caption":"UrbanCleaner"},"image":{"@id":"https:\/\/www.urbancleaner.es\/#logo"}},{"@type":"WebSite","@id":"https:\/\/www.urbancleaner.es\/#website","url":"https:\/\/www.urbancleaner.es\/","name":"UrbanCleaner","description":"Sistema de limpeza e desinfe\u00e7\u00e3o ao domic\u00edlio","publisher":{"@id":"https:\/\/www.urbancleaner.es\/#organization"},"potentialAction":[{"@type":"SearchAction","target":{"@type":"EntryPoint","urlTemplate":"https:\/\/www.urbancleaner.es\/?s={search_term_string}"},"query-input":"required name=search_term_string"}],"inLanguage":"pt"},{"@type":"WebPage","@id":"https:\/\/www.urbancleaner.es\/pt\/#webpage","url":"https:\/\/www.urbancleaner.es\/pt\/","name":"Limpeza e desinfe\u00e7\u00e3o anti\u00e1caros | UrbanCleaner","isPartOf":{"@id":"https:\/\/www.urbancleaner.es\/#website"},"datePublished":"2016-05-06T05:51:12+00:00","dateModified":"2022-03-16T17:57:22+00:00","description":"Servi\u00e7o de limpeza e desinfe\u00e7\u00e3o anti\u00e1caros para colch\u00f5es, almofadas, tapetes, sof\u00e1s e superf\u00edcies estofadas. Limpeza de capacetes de mota.","breadcrumb":{"@id":"https:\/\/www.urbancleaner.es\/pt\/#breadcrumb"},"inLanguage":"pt","potentialAction":[{"@type":"ReadAction","target":["https:\/\/www.urbancleaner.es\/pt\/"]}]},{"@type":"BreadcrumbList","@id":"https:\/\/www.urbancleaner.es\/pt\/#breadcrumb","itemListElement":[{"@type":"ListItem","position":1,"name":"Inicio","item":"https:\/\/www.urbancleaner.es\/pt\/"},{"@type":"ListItem","position":2,"name":"In\u00edcio"}]}]}},"_links":{"self":[{"href":"https:\/\/www.urbancleaner.es\/pt\/wp-json\/wp\/v2\/pages\/1800"}],"collection":[{"href":"https:\/\/www.urbancleaner.es\/pt\/wp-json\/wp\/v2\/pages"}],"about":[{"href":"https:\/\/www.urbancleaner.es\/pt\/wp-json\/wp\/v2\/types\/page"}],"author":[{"embeddable":true,"href":"https:\/\/www.urbancleaner.es\/pt\/wp-json\/wp\/v2\/users\/2"}],"replies":[{"embeddable":true,"href":"https:\/\/www.urbancleaner.es\/pt\/wp-json\/wp\/v2\/comments?post=1800"}],"version-history":[{"count":2,"href":"https:\/\/www.urbancleaner.es\/pt\/wp-json\/wp\/v2\/pages\/1800\/revisions"}],"predecessor-version":[{"id":6153,"href":"https:\/\/www.urbancleaner.es\/pt\/wp-json\/wp\/v2\/pages\/1800\/revisions\/6153"}],"wp:attachment":[{"href":"https:\/\/www.urbancleaner.es\/pt\/wp-json\/wp\/v2\/media?parent=1800"}],"curies":[{"name":"wp","href":"https:\/\/api.w.org\/{rel}","templated":true}]}}